{"id":77,"date":"2011-10-20T16:15:41","date_gmt":"2011-10-20T14:15:41","guid":{"rendered":"http:\/\/www.leshautesardennes.be\/sah\/?page_id=77"},"modified":"2011-10-31T12:19:42","modified_gmt":"2011-10-31T10:19:42","slug":"les-espaces","status":"publish","type":"page","link":"https:\/\/www.leshautesardennes.be\/sah\/hebergements\/en-institution\/clos-des-aubepines\/les-espaces\/","title":{"rendered":"Les espaces"},"content":{"rendered":"<p>Le Clos des Aub\u00e9pines \u00e9tait au d\u00e9part une vieille ferme ardennaise. Plusieurs phases de travaux en ont fait le b\u00e2timent actuel d\u2019une capacit\u00e9 de 32 lits.<\/p>\n<p>Certaines chambres et espaces de vie communautaire se situent \u00e0 l\u2019\u00e9tage. Un ascenseur a  \u00e9t\u00e9 install\u00e9 en 2011. Le groupe de vie occupant l\u2019\u00e9tage est compos\u00e9 des personnes les plus autonomes, et propose un projet adapt\u00e9 \u00e0 cette population (activit\u00e9s r\u00e9guli\u00e8res, apprentissages, autonomie plus importante).<\/p>\n<p>Les espaces du rez-de-chauss\u00e9e sont occup\u00e9s de mani\u00e8re distincte, par deux groupes aux  projets \u00e9galement diff\u00e9renci\u00e9s. Les chambres \u00e0 coucher, les sanitaires adapt\u00e9s et les diff\u00e9rents espaces de vie communautaire sont tous situ\u00e9s \u00e0 ce niveau du b\u00e2timent. Des travaux r\u00e9cents (ann\u00e9e 2011) ont permis d\u2019agrandir les espaces de vie et d\u2019augmenter le nombre de chambres. Nous sommes actuellement (fin 2011) occup\u00e9s \u00e0 cr\u00e9er des espaces sensoriels (approche \u2018Snoezelen\u2019) \u00e0 l\u2019int\u00e9rieur et \u00e0 l\u2019ext\u00e9rieur du b\u00e2timent (terrasse sensorielle).<\/p>\n<p>L\u2019ext\u00e9rieur du b\u00e2timent est compos\u00e9 d\u2019un espace parking pour les bus et les v\u00e9hicules \u2018invit\u00e9s\u2019, un parking pour le personnel, et d\u2019espaces verts (pelouse et plantations) \u00e0 dispositions des r\u00e9sidents et du personnel.<\/p>\n","protected":false},"excerpt":{"rendered":"<p>Le Clos des Aub\u00e9pines \u00e9tait au d\u00e9part une vieille ferme ardennaise. Plusieurs phases de travaux en ont fait le b\u00e2timent actuel d\u2019une capacit\u00e9 de 32 lits. Certaines chambres et espaces de vie communautaire se situent \u00e0 l\u2019\u00e9tage. Un ascenseur a &hellip; <a href=\"https:\/\/www.leshautesardennes.be\/sah\/hebergements\/en-institution\/clos-des-aubepines\/les-espaces\/\">Continuer la lecture <span class=\"meta-nav\">&rarr;<\/span><\/a><\/p>\n","protected":false},"author":4,"featured_media":92,"parent":51,"menu_order":0,"comment_status":"open","ping_status":"closed","template":"clos.php","meta":{"_acf_changed":false,"footnotes":""},"class_list":["post-77","page","type-page","status-publish","has-post-thumbnail","hentry"],"acf":[],"_links":{"self":[{"href":"https:\/\/www.leshautesardennes.be\/sah\/wp-json\/wp\/v2\/pages\/77","targetHints":{"allow":["GET"]}}],"collection":[{"href":"https:\/\/www.leshautesardennes.be\/sah\/wp-json\/wp\/v2\/pages"}],"about":[{"href":"https:\/\/www.leshautesardennes.be\/sah\/wp-json\/wp\/v2\/types\/page"}],"author":[{"embeddable":true,"href":"https:\/\/www.leshautesardennes.be\/sah\/wp-json\/wp\/v2\/users\/4"}],"replies":[{"embeddable":true,"href":"https:\/\/www.leshautesardennes.be\/sah\/wp-json\/wp\/v2\/comments?post=77"}],"version-history":[{"count":7,"href":"https:\/\/www.leshautesardennes.be\/sah\/wp-json\/wp\/v2\/pages\/77\/revisions"}],"predecessor-version":[{"id":162,"href":"https:\/\/www.leshautesardennes.be\/sah\/wp-json\/wp\/v2\/pages\/77\/revisions\/162"}],"up":[{"embeddable":true,"href":"https:\/\/www.leshautesardennes.be\/sah\/wp-json\/wp\/v2\/pages\/51"}],"wp:featuredmedia":[{"embeddable":true,"href":"https:\/\/www.leshautesardennes.be\/sah\/wp-json\/wp\/v2\/media\/92"}],"wp:attachment":[{"href":"https:\/\/www.leshautesardennes.be\/sah\/wp-json\/wp\/v2\/media?parent=77"}],"curies":[{"name":"wp","href":"https:\/\/api.w.org\/{rel}","templated":true}]}}