{"id":58,"date":"2011-10-20T15:47:04","date_gmt":"2011-10-20T13:47:04","guid":{"rendered":"http:\/\/www.leshautesardennes.be\/sah\/?page_id=58"},"modified":"2011-12-19T16:39:33","modified_gmt":"2011-12-19T14:39:33","slug":"les-espaces2","status":"publish","type":"page","link":"https:\/\/www.leshautesardennes.be\/sah\/hebergements\/en-institution\/foyer-la-hesse\/les-espaces2\/","title":{"rendered":"Les espaces"},"content":{"rendered":"<p>Le Foyer La Hesse a \u00e9t\u00e9 construit en 1977, notamment gr\u00e2ce \u00e0 des fonds r\u00e9colt\u00e9s par un groupement de personnes de la r\u00e9gion, dont faisaient partie des parents de personnes handicap\u00e9es. L\u2019architecture du b\u00e2timent voulait privil\u00e9gier la stimulation des personnes, par des espaces identifi\u00e9s notamment par des niveaux de sol diff\u00e9rents. Les personnes h\u00e9berg\u00e9es au d\u00e9part ne pr\u00e9sentaient pas de d\u00e9ficiences motrices. Cette configuration garde tout son charme mais montre maintenant ses limites, certains r\u00e9sidents sont \u00e2g\u00e9s, des personnes demandent pour int\u00e9grer l\u2019institution mais pr\u00e9sentent des d\u00e9ficiences motrices.  Cela pose \u00e9videmment des difficult\u00e9s, et limite h\u00e9las les possibilit\u00e9s d\u2019accueil. Cependant nous avons r\u00e9alis\u00e9 des travaux afin d\u2019augmenter l\u2019accueil \u2018de plein pied\u2019 et nous disposons de 10 chambres plus facilement accessibles.<\/p>\n<p>L\u2019h\u00e9bergement est organis\u00e9 en 4 projets distincts, 4 appartements.  Ces 4 appartements disposent, outre les chambres et les sanitaires, d\u2019espaces de vie tels que la cuisine, la salle \u00e0 manger et le salon.<\/p>\n<p>Le Foyer dispose \u00e9galement d\u2019espaces de vie communs afin de favoriser les contacts entre les r\u00e9sidents d\u2019appartements diff\u00e9rents, d\u2019un local \u2018activit\u00e9s sensorielles\u2019, de bureaux et d\u2019une salle de r\u00e9unions. L\u2019ext\u00e9rieur propose des espaces verts, un parking pour les v\u00e9hicules attach\u00e9s \u00e0 l\u2019institution et pour les v\u00e9hicules des membres du personnel.<\/p>\n","protected":false},"excerpt":{"rendered":"<p>Le Foyer La Hesse a \u00e9t\u00e9 construit en 1977, notamment gr\u00e2ce \u00e0 des fonds r\u00e9colt\u00e9s par un groupement de personnes de la r\u00e9gion, dont faisaient partie des parents de personnes handicap\u00e9es. L\u2019architecture du b\u00e2timent voulait privil\u00e9gier la stimulation des personnes, &hellip; <a href=\"https:\/\/www.leshautesardennes.be\/sah\/hebergements\/en-institution\/foyer-la-hesse\/les-espaces2\/\">Continuer la lecture <span class=\"meta-nav\">&rarr;<\/span><\/a><\/p>\n","protected":false},"author":4,"featured_media":99,"parent":65,"menu_order":0,"comment_status":"open","ping_status":"closed","template":"foyer.php","meta":{"_acf_changed":false,"footnotes":""},"class_list":["post-58","page","type-page","status-publish","has-post-thumbnail","hentry"],"acf":[],"_links":{"self":[{"href":"https:\/\/www.leshautesardennes.be\/sah\/wp-json\/wp\/v2\/pages\/58","targetHints":{"allow":["GET"]}}],"collection":[{"href":"https:\/\/www.leshautesardennes.be\/sah\/wp-json\/wp\/v2\/pages"}],"about":[{"href":"https:\/\/www.leshautesardennes.be\/sah\/wp-json\/wp\/v2\/types\/page"}],"author":[{"embeddable":true,"href":"https:\/\/www.leshautesardennes.be\/sah\/wp-json\/wp\/v2\/users\/4"}],"replies":[{"embeddable":true,"href":"https:\/\/www.leshautesardennes.be\/sah\/wp-json\/wp\/v2\/comments?post=58"}],"version-history":[{"count":6,"href":"https:\/\/www.leshautesardennes.be\/sah\/wp-json\/wp\/v2\/pages\/58\/revisions"}],"predecessor-version":[{"id":205,"href":"https:\/\/www.leshautesardennes.be\/sah\/wp-json\/wp\/v2\/pages\/58\/revisions\/205"}],"up":[{"embeddable":true,"href":"https:\/\/www.leshautesardennes.be\/sah\/wp-json\/wp\/v2\/pages\/65"}],"wp:featuredmedia":[{"embeddable":true,"href":"https:\/\/www.leshautesardennes.be\/sah\/wp-json\/wp\/v2\/media\/99"}],"wp:attachment":[{"href":"https:\/\/www.leshautesardennes.be\/sah\/wp-json\/wp\/v2\/media?parent=58"}],"curies":[{"name":"wp","href":"https:\/\/api.w.org\/{rel}","templated":true}]}}