{"id":53,"date":"2011-10-20T15:44:50","date_gmt":"2011-10-20T13:44:50","guid":{"rendered":"http:\/\/www.leshautesardennes.be\/sah\/?page_id=53"},"modified":"2011-10-31T12:18:20","modified_gmt":"2011-10-31T10:18:20","slug":"qui-accueillons-nous","status":"publish","type":"page","link":"https:\/\/www.leshautesardennes.be\/sah\/hebergements\/en-institution\/clos-des-aubepines\/qui-accueillons-nous\/","title":{"rendered":"Qui accueillons-nous ?"},"content":{"rendered":"<p>Le Clos des Aub\u00e9pines peut h\u00e9berger jusqu\u2019\u00e0 maximum 32 personnes, r\u00e9parties dans trois groupes (trois projets diff\u00e9renci\u00e9s), selon leur degr\u00e9 d\u2019autonomie, leur handicap et leur projet individuel.<\/p>\n<p>Nous sommes agr\u00e9\u00e9s et subventionn\u00e9s par l\u2019AWIPH, pour l\u2019accueil de 22  b\u00e9n\u00e9ficiaires atteints d\u2019arri\u00e9ration mentale de types mod\u00e9r\u00e9e, s\u00e9v\u00e8re et profonde. De plus six personnes y sont accueillies dans le cadre de conventions nominatives. Nous disposons \u00e9galement d\u2019un agr\u00e9ment courts-s\u00e9jours pour les accueils ponctuels ou d\u2019urgence.<\/p>\n<p>Les personnes accueillies, hommes et femmes, pr\u00e9sentent des d\u00e9ficiences mentales de type mod\u00e9r\u00e9es, s\u00e9v\u00e8res ou profondes, parfois ajout\u00e9es d\u2019atteintes de type \u00e9pilepsie, troubles moteurs, d\u00e9ficits sensoriels, \u2026.<\/p>\n<p>&nbsp;<\/p>\n","protected":false},"excerpt":{"rendered":"<p>Le Clos des Aub\u00e9pines peut h\u00e9berger jusqu\u2019\u00e0 maximum 32 personnes, r\u00e9parties dans trois groupes (trois projets diff\u00e9renci\u00e9s), selon leur degr\u00e9 d\u2019autonomie, leur handicap et leur projet individuel. Nous sommes agr\u00e9\u00e9s et subventionn\u00e9s par l\u2019AWIPH, pour l\u2019accueil de 22 b\u00e9n\u00e9ficiaires atteints &hellip; <a href=\"https:\/\/www.leshautesardennes.be\/sah\/hebergements\/en-institution\/clos-des-aubepines\/qui-accueillons-nous\/\">Continuer la lecture <span class=\"meta-nav\">&rarr;<\/span><\/a><\/p>\n","protected":false},"author":4,"featured_media":87,"parent":51,"menu_order":0,"comment_status":"open","ping_status":"open","template":"clos.php","meta":{"_acf_changed":false,"footnotes":""},"class_list":["post-53","page","type-page","status-publish","has-post-thumbnail","hentry"],"acf":[],"_links":{"self":[{"href":"https:\/\/www.leshautesardennes.be\/sah\/wp-json\/wp\/v2\/pages\/53","targetHints":{"allow":["GET"]}}],"collection":[{"href":"https:\/\/www.leshautesardennes.be\/sah\/wp-json\/wp\/v2\/pages"}],"about":[{"href":"https:\/\/www.leshautesardennes.be\/sah\/wp-json\/wp\/v2\/types\/page"}],"author":[{"embeddable":true,"href":"https:\/\/www.leshautesardennes.be\/sah\/wp-json\/wp\/v2\/users\/4"}],"replies":[{"embeddable":true,"href":"https:\/\/www.leshautesardennes.be\/sah\/wp-json\/wp\/v2\/comments?post=53"}],"version-history":[{"count":3,"href":"https:\/\/www.leshautesardennes.be\/sah\/wp-json\/wp\/v2\/pages\/53\/revisions"}],"predecessor-version":[{"id":156,"href":"https:\/\/www.leshautesardennes.be\/sah\/wp-json\/wp\/v2\/pages\/53\/revisions\/156"}],"up":[{"embeddable":true,"href":"https:\/\/www.leshautesardennes.be\/sah\/wp-json\/wp\/v2\/pages\/51"}],"wp:featuredmedia":[{"embeddable":true,"href":"https:\/\/www.leshautesardennes.be\/sah\/wp-json\/wp\/v2\/media\/87"}],"wp:attachment":[{"href":"https:\/\/www.leshautesardennes.be\/sah\/wp-json\/wp\/v2\/media?parent=53"}],"curies":[{"name":"wp","href":"https:\/\/api.w.org\/{rel}","templated":true}]}}