{"id":132,"date":"2011-10-31T11:15:08","date_gmt":"2011-10-31T09:15:08","guid":{"rendered":"http:\/\/www.leshautesardennes.be\/sah\/?page_id=132"},"modified":"2011-11-01T16:34:34","modified_gmt":"2011-11-01T14:34:34","slug":"historique2","status":"publish","type":"page","link":"https:\/\/www.leshautesardennes.be\/sah\/hebergements\/en-institution\/foyer-la-hesse\/historique2\/","title":{"rendered":"Historique"},"content":{"rendered":"<p>En 1977, le Foyer La Hesse est cr\u00e9\u00e9 pour r\u00e9pondre \u00e0 un besoin d\u2019h\u00e9bergement de certains travailleurs de l\u2019E.T.A. (entreprise de travail adapt\u00e9) de l\u2019ASBL <strong><em>Les Hautes Ardennes<\/em><\/strong>.<\/p>\n<p>Ce sera un home pour travailleurs et il sera agr\u00e9\u00e9 pour accueillir 40 personnes handicap\u00e9es (hommes et femmes) atteintes de d\u00e9ficience mentale l\u00e9g\u00e8re, mod\u00e9r\u00e9e et s\u00e9v\u00e8re. Il se situe Rue de la Clinique 13 \u00e0 Vielsalm.<\/p>\n<p>Les \u00e9ducateurs ne travaillaient donc qu\u2019en soir\u00e9e, en nuit et les jours de WE et de cong\u00e9s. La journ\u00e9e, tous les b\u00e9n\u00e9ficiaires \u00e9taient au travail \u00e0 l\u2019ETA.<\/p>\n<p>En 1991, l\u2019ETA  subit une restructuration importante au niveau du personnel, beaucoup de travailleurs licenci\u00e9s se retrouvent alors en journ\u00e9e au Foyer. Une nouvelle organisation est mise en place pour assurer un service 24h\/24 et proposer des activit\u00e9s vari\u00e9es. L\u2019\u00e9quipe est \u00e0 partir de ce moment compos\u00e9e d\u2019\u00e9ducateurs, d\u2019un chef-\u00e9ducateur, du personnel de cuisine et d\u2019entretien, d\u2019une infirmi\u00e8re, d\u2019une auxiliaire de soins, d\u2019une assistante sociale, d\u2019une logop\u00e8de et d\u2019une psychologue.<\/p>\n","protected":false},"excerpt":{"rendered":"<p>En 1977, le Foyer La Hesse est cr\u00e9\u00e9 pour r\u00e9pondre \u00e0 un besoin d\u2019h\u00e9bergement de certains travailleurs de l\u2019E.T.A. (entreprise de travail adapt\u00e9) de l\u2019ASBL Les Hautes Ardennes. Ce sera un home pour travailleurs et il sera agr\u00e9\u00e9 pour accueillir &hellip; <a href=\"https:\/\/www.leshautesardennes.be\/sah\/hebergements\/en-institution\/foyer-la-hesse\/historique2\/\">Continuer la lecture <span class=\"meta-nav\">&rarr;<\/span><\/a><\/p>\n","protected":false},"author":4,"featured_media":97,"parent":65,"menu_order":0,"comment_status":"open","ping_status":"closed","template":"foyer.php","meta":{"_acf_changed":false,"footnotes":""},"class_list":["post-132","page","type-page","status-publish","has-post-thumbnail","hentry"],"acf":[],"_links":{"self":[{"href":"https:\/\/www.leshautesardennes.be\/sah\/wp-json\/wp\/v2\/pages\/132","targetHints":{"allow":["GET"]}}],"collection":[{"href":"https:\/\/www.leshautesardennes.be\/sah\/wp-json\/wp\/v2\/pages"}],"about":[{"href":"https:\/\/www.leshautesardennes.be\/sah\/wp-json\/wp\/v2\/types\/page"}],"author":[{"embeddable":true,"href":"https:\/\/www.leshautesardennes.be\/sah\/wp-json\/wp\/v2\/users\/4"}],"replies":[{"embeddable":true,"href":"https:\/\/www.leshautesardennes.be\/sah\/wp-json\/wp\/v2\/comments?post=132"}],"version-history":[{"count":7,"href":"https:\/\/www.leshautesardennes.be\/sah\/wp-json\/wp\/v2\/pages\/132\/revisions"}],"predecessor-version":[{"id":180,"href":"https:\/\/www.leshautesardennes.be\/sah\/wp-json\/wp\/v2\/pages\/132\/revisions\/180"}],"up":[{"embeddable":true,"href":"https:\/\/www.leshautesardennes.be\/sah\/wp-json\/wp\/v2\/pages\/65"}],"wp:featuredmedia":[{"embeddable":true,"href":"https:\/\/www.leshautesardennes.be\/sah\/wp-json\/wp\/v2\/media\/97"}],"wp:attachment":[{"href":"https:\/\/www.leshautesardennes.be\/sah\/wp-json\/wp\/v2\/media?parent=132"}],"curies":[{"name":"wp","href":"https:\/\/api.w.org\/{rel}","templated":true}]}}