{"id":124,"date":"2011-10-31T11:06:26","date_gmt":"2011-10-31T09:06:26","guid":{"rendered":"http:\/\/www.leshautesardennes.be\/sah\/?page_id=124"},"modified":"2011-11-09T11:03:47","modified_gmt":"2011-11-09T09:03:47","slug":"en-institution","status":"publish","type":"page","link":"https:\/\/www.leshautesardennes.be\/sah\/hebergements\/en-institution\/","title":{"rendered":"En institution"},"content":{"rendered":"<p>Les services r\u00e9sidentiels, \u00e0 travers les h\u00e9bergements du Clos des Aub\u00e9pines et du Foyer La Hesse, proposent un accompagnement \u00e9ducatif, m\u00e9dical, social, psychologique, \u00e0 des personnes pr\u00e9sentant une d\u00e9ficience mentale l\u00e9g\u00e8re, mod\u00e9r\u00e9e, s\u00e9v\u00e8re ou profonde. Les deux h\u00e9bergements sont organis\u00e9s en groupes de vie afin d\u2019offrir une vie communautaire mais \u00e0 dimension familiale.<\/p>\n","protected":false},"excerpt":{"rendered":"<p>Les services r\u00e9sidentiels, \u00e0 travers les h\u00e9bergements du Clos des Aub\u00e9pines et du Foyer La Hesse, proposent un accompagnement \u00e9ducatif, m\u00e9dical, social, psychologique, \u00e0 des personnes pr\u00e9sentant une d\u00e9ficience mentale l\u00e9g\u00e8re, mod\u00e9r\u00e9e, s\u00e9v\u00e8re ou profonde. Les deux h\u00e9bergements sont organis\u00e9s &hellip; <a href=\"https:\/\/www.leshautesardennes.be\/sah\/hebergements\/en-institution\/\">Continuer la lecture <span class=\"meta-nav\">&rarr;<\/span><\/a><\/p>\n","protected":false},"author":4,"featured_media":0,"parent":49,"menu_order":0,"comment_status":"open","ping_status":"open","template":"institution.php","meta":{"_acf_changed":false,"footnotes":""},"class_list":["post-124","page","type-page","status-publish","hentry"],"acf":[],"_links":{"self":[{"href":"https:\/\/www.leshautesardennes.be\/sah\/wp-json\/wp\/v2\/pages\/124","targetHints":{"allow":["GET"]}}],"collection":[{"href":"https:\/\/www.leshautesardennes.be\/sah\/wp-json\/wp\/v2\/pages"}],"about":[{"href":"https:\/\/www.leshautesardennes.be\/sah\/wp-json\/wp\/v2\/types\/page"}],"author":[{"embeddable":true,"href":"https:\/\/www.leshautesardennes.be\/sah\/wp-json\/wp\/v2\/users\/4"}],"replies":[{"embeddable":true,"href":"https:\/\/www.leshautesardennes.be\/sah\/wp-json\/wp\/v2\/comments?post=124"}],"version-history":[{"count":19,"href":"https:\/\/www.leshautesardennes.be\/sah\/wp-json\/wp\/v2\/pages\/124\/revisions"}],"predecessor-version":[{"id":190,"href":"https:\/\/www.leshautesardennes.be\/sah\/wp-json\/wp\/v2\/pages\/124\/revisions\/190"}],"up":[{"embeddable":true,"href":"https:\/\/www.leshautesardennes.be\/sah\/wp-json\/wp\/v2\/pages\/49"}],"wp:attachment":[{"href":"https:\/\/www.leshautesardennes.be\/sah\/wp-json\/wp\/v2\/media?parent=124"}],"curies":[{"name":"wp","href":"https:\/\/api.w.org\/{rel}","templated":true}]}}