{"id":2,"date":"2011-06-14T20:55:15","date_gmt":"2011-06-14T18:55:15","guid":{"rendered":"http:\/\/www.leshautesardennes.be\/eta\/?page_id=2"},"modified":"2017-07-17T13:10:01","modified_gmt":"2017-07-17T11:10:01","slug":"bienvenu","status":"publish","type":"page","link":"https:\/\/www.leshautesardennes.be\/eta\/","title":{"rendered":"Bienvenue"},"content":{"rendered":"<p>En 1961 des b\u00e9n\u00e9voles soucieux d\u2019apporter une solution globale aux personnes porteuses d\u2019un handicap physique et mental cr\u00e9ent une ASBL.<\/p>\n<p>En 1965 l\u2019ASBL \u00ab Les Hautes Ardennes \u00bb ouvre un \u00ab atelier prot\u00e9g\u00e9 \u00bb qui se nommera plus tard \u00ab Entreprise de Travail Adapt\u00e9 \u00bb.<\/p>\n<p>Cette entreprise constitue une entit\u00e9 sociale et \u00e9conomique. Elle s\u2019int\u00e8gre dans le circuit \u00e9conomique par des techniques de gestion et une infrastructure qui laisse place aux possibilit\u00e9s professionnelles de chacun par la valorisation des comp\u00e9tences, la formation, l\u2019adaptation des postes de travail et la promotion.<\/p>\n<p><iframe loading=\"lazy\" width=\"560\" height=\"315\" src=\"https:\/\/www.youtube.com\/embed\/2mJwn4D1czg\" frameborder=\"0\" allowfullscreen><\/iframe><\/p>\n","protected":false},"excerpt":{"rendered":"<p>En 1961 des b\u00e9n\u00e9voles soucieux d\u2019apporter une solution globale aux personnes porteuses d\u2019un handicap physique et mental cr\u00e9ent une ASBL. En 1965 l\u2019ASBL \u00ab Les Hautes Ardennes \u00bb ouvre un \u00ab atelier prot\u00e9g\u00e9 \u00bb qui se nommera plus tard \u00ab &hellip; <a href=\"https:\/\/www.leshautesardennes.be\/eta\/\">Continuer la lecture <span class=\"meta-nav\">&rarr;<\/span><\/a><\/p>\n","protected":false},"author":1,"featured_media":0,"parent":0,"menu_order":0,"comment_status":"open","ping_status":"open","template":"accueil.php","meta":{"_acf_changed":false,"footnotes":""},"class_list":["post-2","page","type-page","status-publish","hentry"],"acf":[],"_links":{"self":[{"href":"https:\/\/www.leshautesardennes.be\/eta\/wp-json\/wp\/v2\/pages\/2","targetHints":{"allow":["GET"]}}],"collection":[{"href":"https:\/\/www.leshautesardennes.be\/eta\/wp-json\/wp\/v2\/pages"}],"about":[{"href":"https:\/\/www.leshautesardennes.be\/eta\/wp-json\/wp\/v2\/types\/page"}],"author":[{"embeddable":true,"href":"https:\/\/www.leshautesardennes.be\/eta\/wp-json\/wp\/v2\/users\/1"}],"replies":[{"embeddable":true,"href":"https:\/\/www.leshautesardennes.be\/eta\/wp-json\/wp\/v2\/comments?post=2"}],"version-history":[{"count":10,"href":"https:\/\/www.leshautesardennes.be\/eta\/wp-json\/wp\/v2\/pages\/2\/revisions"}],"predecessor-version":[{"id":637,"href":"https:\/\/www.leshautesardennes.be\/eta\/wp-json\/wp\/v2\/pages\/2\/revisions\/637"}],"wp:attachment":[{"href":"https:\/\/www.leshautesardennes.be\/eta\/wp-json\/wp\/v2\/media?parent=2"}],"curies":[{"name":"wp","href":"https:\/\/api.w.org\/{rel}","templated":true}]}}